{"id":1376,"date":"2022-02-28T19:49:44","date_gmt":"2022-02-28T18:49:44","guid":{"rendered":"https:\/\/extremeneria.com\/?page_id=1376"},"modified":"2023-06-15T09:39:35","modified_gmt":"2023-06-15T07:39:35","slug":"encuentros","status":"publish","type":"page","link":"https:\/\/extremeneria.com\/index.php\/quehacemos\/encuentros\/","title":{"rendered":"Encuentros"},"content":{"rendered":"\n<div class=\"wp-block-columns is-layout-flex wp-container-core-columns-is-layout-1 wp-block-columns-is-layout-flex\">\n<div class=\"wp-block-column is-layout-flow wp-block-column-is-layout-flow\"><div class=\"wp-block-image\">\n<figure class=\"aligncenter size-large\"><img loading=\"lazy\" decoding=\"async\" width=\"1024\" height=\"1024\" src=\"https:\/\/extremeneria.com\/wp-content\/uploads\/2023\/06\/Asamblea-Extremeneria-Almendralejo-1024x1024.jpeg\" alt=\"\" class=\"wp-image-3824\" srcset=\"https:\/\/extremeneria.com\/wp-content\/uploads\/2023\/06\/Asamblea-Extremeneria-Almendralejo-1024x1024.jpeg 1024w, https:\/\/extremeneria.com\/wp-content\/uploads\/2023\/06\/Asamblea-Extremeneria-Almendralejo-300x300.jpeg 300w, https:\/\/extremeneria.com\/wp-content\/uploads\/2023\/06\/Asamblea-Extremeneria-Almendralejo-150x150.jpeg 150w, https:\/\/extremeneria.com\/wp-content\/uploads\/2023\/06\/Asamblea-Extremeneria-Almendralejo-768x768.jpeg 768w, https:\/\/extremeneria.com\/wp-content\/uploads\/2023\/06\/Asamblea-Extremeneria-Almendralejo.jpeg 1080w\" sizes=\"auto, (max-width: 1024px) 100vw, 1024px\" \/><figcaption class=\"wp-element-caption\">IV Asamblea General. Almendralejo, 17 de junio de 2023<\/figcaption><\/figure><\/div><\/div>\n\n\n\n<div class=\"wp-block-column is-layout-flow wp-block-column-is-layout-flow\"><div class=\"wp-block-image\">\n<figure class=\"aligncenter size-large\"><img loading=\"lazy\" decoding=\"async\" width=\"1024\" height=\"1024\" src=\"https:\/\/extremeneria.com\/wp-content\/uploads\/2023\/03\/Fqrtj6IXsAExWC5-1024x1024.jpg\" alt=\"\" class=\"wp-image-3566\" srcset=\"https:\/\/extremeneria.com\/wp-content\/uploads\/2023\/03\/Fqrtj6IXsAExWC5-1024x1024.jpg 1024w, https:\/\/extremeneria.com\/wp-content\/uploads\/2023\/03\/Fqrtj6IXsAExWC5-300x300.jpg 300w, https:\/\/extremeneria.com\/wp-content\/uploads\/2023\/03\/Fqrtj6IXsAExWC5-150x150.jpg 150w, https:\/\/extremeneria.com\/wp-content\/uploads\/2023\/03\/Fqrtj6IXsAExWC5-768x768.jpg 768w, https:\/\/extremeneria.com\/wp-content\/uploads\/2023\/03\/Fqrtj6IXsAExWC5.jpg 1080w\" sizes=\"auto, (max-width: 1024px) 100vw, 1024px\" \/><figcaption class=\"wp-element-caption\">I Jornada Extreme\u00f1ista. M\u00e9rida, 25 de marzo de 2023.<\/figcaption><\/figure><\/div><\/div>\n<\/div>\n\n\n\n<div class=\"wp-block-columns is-layout-flex wp-container-core-columns-is-layout-2 wp-block-columns-is-layout-flex\">\n<div class=\"wp-block-column is-layout-flow wp-block-column-is-layout-flow\"><div class=\"wp-block-image\">\n<figure class=\"aligncenter size-full\"><img loading=\"lazy\" decoding=\"async\" width=\"900\" height=\"900\" src=\"https:\/\/extremeneria.com\/wp-content\/uploads\/2022\/11\/Encuentro-Espana-Vaciada-Madrid.jpg\" alt=\"\" class=\"wp-image-3036\" srcset=\"https:\/\/extremeneria.com\/wp-content\/uploads\/2022\/11\/Encuentro-Espana-Vaciada-Madrid.jpg 900w, https:\/\/extremeneria.com\/wp-content\/uploads\/2022\/11\/Encuentro-Espana-Vaciada-Madrid-300x300.jpg 300w, https:\/\/extremeneria.com\/wp-content\/uploads\/2022\/11\/Encuentro-Espana-Vaciada-Madrid-150x150.jpg 150w, https:\/\/extremeneria.com\/wp-content\/uploads\/2022\/11\/Encuentro-Espana-Vaciada-Madrid-768x768.jpg 768w\" sizes=\"auto, (max-width: 900px) 100vw, 900px\" \/><figcaption class=\"wp-element-caption\">Encuentro con Espa\u00f1a Vaciada Madrid. Madrid, 29 de noviembre de 2022<\/figcaption><\/figure><\/div><\/div>\n\n\n\n<div class=\"wp-block-column is-layout-flow wp-block-column-is-layout-flow\"><div class=\"wp-block-image\">\n<figure class=\"aligncenter size-large\"><img loading=\"lazy\" decoding=\"async\" width=\"1024\" height=\"1024\" src=\"https:\/\/extremeneria.com\/wp-content\/uploads\/2022\/09\/Semus-Assina-1024x1024.png\" alt=\"\" class=\"wp-image-2852\" srcset=\"https:\/\/extremeneria.com\/wp-content\/uploads\/2022\/09\/Semus-Assina-1024x1024.png 1024w, https:\/\/extremeneria.com\/wp-content\/uploads\/2022\/09\/Semus-Assina-300x300.png 300w, https:\/\/extremeneria.com\/wp-content\/uploads\/2022\/09\/Semus-Assina-150x150.png 150w, https:\/\/extremeneria.com\/wp-content\/uploads\/2022\/09\/Semus-Assina-768x768.png 768w, https:\/\/extremeneria.com\/wp-content\/uploads\/2022\/09\/Semus-Assina.png 1080w\" sizes=\"auto, (max-width: 1024px) 100vw, 1024px\" \/><figcaption class=\"wp-element-caption\">II Encuentro \u00abSemus Assina\u00bb. La Garrovilla, 23 de septiembre de 2022<\/figcaption><\/figure><\/div><\/div>\n<\/div>\n\n\n\n<div class=\"wp-block-columns is-layout-flex wp-container-core-columns-is-layout-3 wp-block-columns-is-layout-flex\">\n<div class=\"wp-block-column is-layout-flow wp-block-column-is-layout-flow\"><div class=\"wp-block-image\">\n<figure class=\"aligncenter size-large\"><img loading=\"lazy\" decoding=\"async\" width=\"1024\" height=\"1024\" src=\"https:\/\/extremeneria.com\/wp-content\/uploads\/2022\/09\/Encuentro-Madrid-14-septiembre-1024x1024.jpg\" alt=\"\" class=\"wp-image-2775\" srcset=\"https:\/\/extremeneria.com\/wp-content\/uploads\/2022\/09\/Encuentro-Madrid-14-septiembre-1024x1024.jpg 1024w, https:\/\/extremeneria.com\/wp-content\/uploads\/2022\/09\/Encuentro-Madrid-14-septiembre-300x300.jpg 300w, https:\/\/extremeneria.com\/wp-content\/uploads\/2022\/09\/Encuentro-Madrid-14-septiembre-150x150.jpg 150w, https:\/\/extremeneria.com\/wp-content\/uploads\/2022\/09\/Encuentro-Madrid-14-septiembre-768x768.jpg 768w, https:\/\/extremeneria.com\/wp-content\/uploads\/2022\/09\/Encuentro-Madrid-14-septiembre.jpg 1080w\" sizes=\"auto, (max-width: 1024px) 100vw, 1024px\" \/><figcaption class=\"wp-element-caption\">II Encuentro Extreme\u00f1er\u00eda-Madrid. Madrid, 14 de septiembre de 2022<\/figcaption><\/figure><\/div><\/div>\n\n\n\n<div class=\"wp-block-column is-layout-flow wp-block-column-is-layout-flow\"><div class=\"wp-block-image\">\n<figure class=\"aligncenter size-full\"><img loading=\"lazy\" decoding=\"async\" width=\"900\" height=\"900\" src=\"https:\/\/extremeneria.com\/wp-content\/uploads\/2022\/06\/III-Asamblea-Extremeneria.jpg\" alt=\"\" class=\"wp-image-2478\" srcset=\"https:\/\/extremeneria.com\/wp-content\/uploads\/2022\/06\/III-Asamblea-Extremeneria.jpg 900w, https:\/\/extremeneria.com\/wp-content\/uploads\/2022\/06\/III-Asamblea-Extremeneria-300x300.jpg 300w, https:\/\/extremeneria.com\/wp-content\/uploads\/2022\/06\/III-Asamblea-Extremeneria-150x150.jpg 150w, https:\/\/extremeneria.com\/wp-content\/uploads\/2022\/06\/III-Asamblea-Extremeneria-768x768.jpg 768w\" sizes=\"auto, (max-width: 900px) 100vw, 900px\" \/><figcaption class=\"wp-element-caption\">III Asamblea General. Plasencia, 18 de junio de 2022<\/figcaption><\/figure><\/div><\/div>\n<\/div>\n\n\n\n<div class=\"wp-block-columns is-layout-flex wp-container-core-columns-is-layout-4 wp-block-columns-is-layout-flex\">\n<div class=\"wp-block-column is-layout-flow wp-block-column-is-layout-flow\">\n<figure class=\"wp-block-image size-large\"><a href=\"https:\/\/extremeneria.com\/index.php\/2022\/05\/30\/encuentro-virtual-extremadura-rural\/\"><img loading=\"lazy\" decoding=\"async\" width=\"1024\" height=\"1024\" src=\"https:\/\/extremeneria.com\/wp-content\/uploads\/2022\/05\/Encentro-Virtual-Extremadura-Rural-1024x1024.jpg\" alt=\"\" class=\"wp-image-2111\" srcset=\"https:\/\/extremeneria.com\/wp-content\/uploads\/2022\/05\/Encentro-Virtual-Extremadura-Rural-1024x1024.jpg 1024w, https:\/\/extremeneria.com\/wp-content\/uploads\/2022\/05\/Encentro-Virtual-Extremadura-Rural-300x300.jpg 300w, https:\/\/extremeneria.com\/wp-content\/uploads\/2022\/05\/Encentro-Virtual-Extremadura-Rural-150x150.jpg 150w, https:\/\/extremeneria.com\/wp-content\/uploads\/2022\/05\/Encentro-Virtual-Extremadura-Rural-768x768.jpg 768w, https:\/\/extremeneria.com\/wp-content\/uploads\/2022\/05\/Encentro-Virtual-Extremadura-Rural.jpg 1080w\" sizes=\"auto, (max-width: 1024px) 100vw, 1024px\" \/><\/a><figcaption class=\"wp-element-caption\"><a href=\"https:\/\/extremeneria.com\/index.php\/2022\/05\/30\/encuentro-virtual-extremadura-rural\/\">Encuentro virtual \u00abExtremadura rural\u00bb.  29 de mayo de 2022<\/a><\/figcaption><\/figure>\n<\/div>\n\n\n\n<div class=\"wp-block-column is-layout-flow wp-block-column-is-layout-flow\">\n<figure class=\"wp-block-image size-large\"><img loading=\"lazy\" decoding=\"async\" width=\"1024\" height=\"1024\" src=\"https:\/\/extremeneria.com\/wp-content\/uploads\/2022\/04\/Charla-Debate-Mujer-Extremadura-1024x1024.jpg\" alt=\"\" class=\"wp-image-1782\" srcset=\"https:\/\/extremeneria.com\/wp-content\/uploads\/2022\/04\/Charla-Debate-Mujer-Extremadura-1024x1024.jpg 1024w, https:\/\/extremeneria.com\/wp-content\/uploads\/2022\/04\/Charla-Debate-Mujer-Extremadura-300x300.jpg 300w, https:\/\/extremeneria.com\/wp-content\/uploads\/2022\/04\/Charla-Debate-Mujer-Extremadura-150x150.jpg 150w, https:\/\/extremeneria.com\/wp-content\/uploads\/2022\/04\/Charla-Debate-Mujer-Extremadura-768x768.jpg 768w, https:\/\/extremeneria.com\/wp-content\/uploads\/2022\/04\/Charla-Debate-Mujer-Extremadura.jpg 1080w\" sizes=\"auto, (max-width: 1024px) 100vw, 1024px\" \/><figcaption class=\"wp-element-caption\">Charla-Debate \u00abExtremadura tiene nombre de mujer\u00bb. Madrid, 10 de mayo de 2022<\/figcaption><\/figure>\n<\/div>\n<\/div>\n\n\n\n<div class=\"wp-block-columns is-layout-flex wp-container-core-columns-is-layout-5 wp-block-columns-is-layout-flex\">\n<div class=\"wp-block-column is-layout-flow wp-block-column-is-layout-flow\">\n<figure class=\"wp-block-image size-full\"><img loading=\"lazy\" decoding=\"async\" width=\"680\" height=\"680\" src=\"https:\/\/extremeneria.com\/wp-content\/uploads\/2022\/03\/merida-marzo.jpg\" alt=\"\" class=\"wp-image-1419\" srcset=\"https:\/\/extremeneria.com\/wp-content\/uploads\/2022\/03\/merida-marzo.jpg 680w, https:\/\/extremeneria.com\/wp-content\/uploads\/2022\/03\/merida-marzo-300x300.jpg 300w, https:\/\/extremeneria.com\/wp-content\/uploads\/2022\/03\/merida-marzo-150x150.jpg 150w\" sizes=\"auto, (max-width: 680px) 100vw, 680px\" \/><figcaption class=\"wp-element-caption\">I Encuentro Extreme\u00f1er\u00eda-Interior. M\u00e9rida, 09 de abril de 2022.<\/figcaption><\/figure>\n<\/div>\n\n\n\n<div class=\"wp-block-column is-layout-flow wp-block-column-is-layout-flow\">\n<figure class=\"wp-block-image size-full\"><img loading=\"lazy\" decoding=\"async\" width=\"900\" height=\"900\" src=\"https:\/\/extremeneria.com\/wp-content\/uploads\/2022\/03\/Encuentro-Extremadura-25M-Revuelta-campesina.jpg\" alt=\"\" class=\"wp-image-1582\" srcset=\"https:\/\/extremeneria.com\/wp-content\/uploads\/2022\/03\/Encuentro-Extremadura-25M-Revuelta-campesina.jpg 900w, https:\/\/extremeneria.com\/wp-content\/uploads\/2022\/03\/Encuentro-Extremadura-25M-Revuelta-campesina-300x300.jpg 300w, https:\/\/extremeneria.com\/wp-content\/uploads\/2022\/03\/Encuentro-Extremadura-25M-Revuelta-campesina-150x150.jpg 150w, https:\/\/extremeneria.com\/wp-content\/uploads\/2022\/03\/Encuentro-Extremadura-25M-Revuelta-campesina-768x768.jpg 768w\" sizes=\"auto, (max-width: 900px) 100vw, 900px\" \/><figcaption class=\"wp-element-caption\">Charla-Debate \u00abLa revuelta campesina del 25M\u00bb. Madrid, 29 de marzo de 2022.<\/figcaption><\/figure>\n<\/div>\n<\/div>\n\n\n\n<div class=\"wp-block-columns is-layout-flex wp-container-core-columns-is-layout-6 wp-block-columns-is-layout-flex\">\n<div class=\"wp-block-column is-layout-flow wp-block-column-is-layout-flow\">\n<figure class=\"wp-block-image size-large\"><img loading=\"lazy\" decoding=\"async\" width=\"1024\" height=\"1024\" src=\"https:\/\/extremeneria.com\/wp-content\/uploads\/2022\/03\/madrid-proximo-1024x1024.jpg\" alt=\"\" class=\"wp-image-1420\" srcset=\"https:\/\/extremeneria.com\/wp-content\/uploads\/2022\/03\/madrid-proximo-1024x1024.jpg 1024w, https:\/\/extremeneria.com\/wp-content\/uploads\/2022\/03\/madrid-proximo-300x300.jpg 300w, https:\/\/extremeneria.com\/wp-content\/uploads\/2022\/03\/madrid-proximo-150x150.jpg 150w, https:\/\/extremeneria.com\/wp-content\/uploads\/2022\/03\/madrid-proximo-768x768.jpg 768w, https:\/\/extremeneria.com\/wp-content\/uploads\/2022\/03\/madrid-proximo.jpg 1080w\" sizes=\"auto, (max-width: 1024px) 100vw, 1024px\" \/><figcaption class=\"wp-element-caption\">I Encuentro Extreme\u00f1er\u00eda-Madrid. Madrid, 12 de marzo de 2022.<\/figcaption><\/figure>\n<\/div>\n\n\n\n<div class=\"wp-block-column is-layout-flow wp-block-column-is-layout-flow\">\n<figure class=\"wp-block-image size-large\"><img loading=\"lazy\" decoding=\"async\" width=\"1024\" height=\"1024\" src=\"https:\/\/extremeneria.com\/wp-content\/uploads\/2022\/03\/madrid-febrero-21-1024x1024.jpg\" alt=\"\" class=\"wp-image-1421\" srcset=\"https:\/\/extremeneria.com\/wp-content\/uploads\/2022\/03\/madrid-febrero-21-1024x1024.jpg 1024w, https:\/\/extremeneria.com\/wp-content\/uploads\/2022\/03\/madrid-febrero-21-300x300.jpg 300w, https:\/\/extremeneria.com\/wp-content\/uploads\/2022\/03\/madrid-febrero-21-150x150.jpg 150w, https:\/\/extremeneria.com\/wp-content\/uploads\/2022\/03\/madrid-febrero-21-768x768.jpg 768w, https:\/\/extremeneria.com\/wp-content\/uploads\/2022\/03\/madrid-febrero-21.jpg 1080w\" sizes=\"auto, (max-width: 1024px) 100vw, 1024px\" \/><figcaption class=\"wp-element-caption\">Presentaci\u00f3n Extreme\u00f1er\u00eda-Madrid. Madrid, 3 de febrero de 2022.<\/figcaption><\/figure>\n<\/div>\n<\/div>\n\n\n\n<div class=\"wp-block-columns is-layout-flex wp-container-core-columns-is-layout-7 wp-block-columns-is-layout-flex\">\n<div class=\"wp-block-column is-layout-flow wp-block-column-is-layout-flow\">\n<figure class=\"wp-block-image size-large\"><img loading=\"lazy\" decoding=\"async\" width=\"1024\" height=\"1024\" src=\"https:\/\/extremeneria.com\/wp-content\/uploads\/2022\/03\/II-asamblea-1024x1024.png\" alt=\"\" class=\"wp-image-1424\" srcset=\"https:\/\/extremeneria.com\/wp-content\/uploads\/2022\/03\/II-asamblea-1024x1024.png 1024w, https:\/\/extremeneria.com\/wp-content\/uploads\/2022\/03\/II-asamblea-300x300.png 300w, https:\/\/extremeneria.com\/wp-content\/uploads\/2022\/03\/II-asamblea-150x150.png 150w, https:\/\/extremeneria.com\/wp-content\/uploads\/2022\/03\/II-asamblea-768x768.png 768w, https:\/\/extremeneria.com\/wp-content\/uploads\/2022\/03\/II-asamblea.png 1080w\" sizes=\"auto, (max-width: 1024px) 100vw, 1024px\" \/><figcaption class=\"wp-element-caption\">II Asamblea General. C\u00e1ceres, 4 de diciembre de 2021.<\/figcaption><\/figure>\n<\/div>\n\n\n\n<div class=\"wp-block-column is-layout-flow wp-block-column-is-layout-flow\">\n<figure class=\"wp-block-image size-large\"><img loading=\"lazy\" decoding=\"async\" width=\"1024\" height=\"1024\" src=\"https:\/\/extremeneria.com\/wp-content\/uploads\/2022\/03\/I-asamblea-1024x1024.png\" alt=\"\" class=\"wp-image-1425\" srcset=\"https:\/\/extremeneria.com\/wp-content\/uploads\/2022\/03\/I-asamblea-1024x1024.png 1024w, https:\/\/extremeneria.com\/wp-content\/uploads\/2022\/03\/I-asamblea-300x300.png 300w, https:\/\/extremeneria.com\/wp-content\/uploads\/2022\/03\/I-asamblea-150x150.png 150w, https:\/\/extremeneria.com\/wp-content\/uploads\/2022\/03\/I-asamblea-768x768.png 768w, https:\/\/extremeneria.com\/wp-content\/uploads\/2022\/03\/I-asamblea.png 1080w\" sizes=\"auto, (max-width: 1024px) 100vw, 1024px\" \/><figcaption class=\"wp-element-caption\">I Asamblea General. C\u00e1ceres, 24 de julio de 2021.<\/figcaption><\/figure>\n<\/div>\n<\/div>\n","protected":false},"excerpt":{"rendered":"<p>IV Asamblea General. Almendralejo, 17 de junio de 2023 I Jornada Extreme\u00f1ista. M\u00e9rida, 25 de marzo de 2023. Encuentro con Espa\u00f1a Vaciada Madrid. Madrid, 29 de noviembre de 2022 II Encuentro \u00abSemus Assina\u00bb. La Garrovilla, 23 de septiembre de 2022 II Encuentro Extreme\u00f1er\u00eda-Madrid. Madrid, 14 de septiembre de 2022 III Asamblea General. Plasencia, 18 de&hellip;<\/p>\n","protected":false},"author":3,"featured_media":0,"parent":57,"menu_order":0,"comment_status":"closed","ping_status":"closed","template":"","meta":[],"class_list":["post-1376","page","type-page","status-publish","hentry","description-off"],"_links":{"self":[{"href":"https:\/\/extremeneria.com\/index.php\/wp-json\/wp\/v2\/pages\/1376","targetHints":{"allow":["GET"]}}],"collection":[{"href":"https:\/\/extremeneria.com\/index.php\/wp-json\/wp\/v2\/pages"}],"about":[{"href":"https:\/\/extremeneria.com\/index.php\/wp-json\/wp\/v2\/types\/page"}],"author":[{"embeddable":true,"href":"https:\/\/extremeneria.com\/index.php\/wp-json\/wp\/v2\/users\/3"}],"replies":[{"embeddable":true,"href":"https:\/\/extremeneria.com\/index.php\/wp-json\/wp\/v2\/comments?post=1376"}],"version-history":[{"count":23,"href":"https:\/\/extremeneria.com\/index.php\/wp-json\/wp\/v2\/pages\/1376\/revisions"}],"predecessor-version":[{"id":3825,"href":"https:\/\/extremeneria.com\/index.php\/wp-json\/wp\/v2\/pages\/1376\/revisions\/3825"}],"up":[{"embeddable":true,"href":"https:\/\/extremeneria.com\/index.php\/wp-json\/wp\/v2\/pages\/57"}],"wp:attachment":[{"href":"https:\/\/extremeneria.com\/index.php\/wp-json\/wp\/v2\/media?parent=1376"}],"curies":[{"name":"wp","href":"https:\/\/api.w.org\/{rel}","templated":true}]}}